{"id":7546,"date":"2026-03-11T10:35:04","date_gmt":"2026-03-11T09:35:04","guid":{"rendered":"https:\/\/apmanagement.eu\/it\/?page_id=7546"},"modified":"2026-04-01T15:54:21","modified_gmt":"2026-04-01T13:54:21","slug":"beethoven2027","status":"publish","type":"page","link":"https:\/\/apmanagement.eu\/it\/progetti\/beethoven2027\/","title":{"rendered":"BEETHOVEN 2027: L&#8217;EREDIT\u00c0 DI UN GENIO"},"content":{"rendered":"<p>[et_pb_section fb_built=&#8221;1&#8243; admin_label=&#8221;Page Title Section&#8221; _builder_version=&#8221;4.27.4&#8243; background_color_gradient_direction=&#8221;115deg&#8221; background_image=&#8221;https:\/\/apmanagement.eu\/it\/wp-content\/uploads\/2026\/03\/manoscritto-Beeth_n0_1.jpg&#8221; width=&#8221;99.8%&#8221; custom_padding=&#8221;100px||0px|||&#8221; locked=&#8221;off&#8221; global_colors_info=&#8221;{}&#8221;][et_pb_row _builder_version=&#8221;4.27.4&#8243; background_color=&#8221;#383e59&#8243; background_enable_image=&#8221;off&#8221; background_size=&#8221;initial&#8221; background_position=&#8221;top_left&#8221; background_repeat=&#8221;repeat&#8221; max_width=&#8221;1129px&#8221; custom_margin=&#8221;|||0px&#8221; custom_padding=&#8221;27px|40px||10%&#8221; animation_style=&#8221;slide&#8221; animation_direction=&#8221;left&#8221; animation_intensity_slide=&#8221;2%&#8221; border_radii=&#8221;||6px|6px|&#8221; border_width_right=&#8221;30px&#8221; border_color_right=&#8221;#bdada0&#8243; use_custom_width=&#8221;on&#8221; custom_width_px=&#8221;960px&#8221; locked=&#8221;off&#8221; global_colors_info=&#8221;{}&#8221;][et_pb_column type=&#8221;4_4&#8243; _builder_version=&#8221;4.16&#8243; custom_padding=&#8221;|||&#8221; custom_padding_tablet=&#8221;|||10%&#8221; custom_padding_last_edited=&#8221;off|desktop&#8221; global_colors_info=&#8221;{}&#8221; custom_padding__hover=&#8221;|||&#8221;][et_pb_text admin_label=&#8221;Title&#8221; _builder_version=&#8221;4.27.4&#8243; header_font=&#8221;Abhaya Libre|700|||||||&#8221; header_font_size=&#8221;50px&#8221; header_line_height=&#8221;1.2em&#8221; background_layout=&#8221;dark&#8221; custom_margin=&#8221;|||&#8221; custom_padding=&#8221;|||&#8221; header_font_size_tablet=&#8221;40px&#8221; header_font_size_phone=&#8221;&#8221; header_font_size_last_edited=&#8221;on|tablet&#8221; global_colors_info=&#8221;{}&#8221;]<\/p>\n<h1>Tre sguardi di Beethoven<\/h1>\n<h1>sul nostro futuro<\/h1>\n<h2>Filippo Faes e il Quartetto Pra\u017e\u00e1k<\/h2>\n<p>[\/et_pb_text][\/et_pb_column][\/et_pb_row][\/et_pb_section][et_pb_section fb_built=&#8221;1&#8243; _builder_version=&#8221;4.27.4&#8243; global_colors_info=&#8221;{}&#8221;][et_pb_row _builder_version=&#8221;4.27.4&#8243; background_size=&#8221;initial&#8221; background_position=&#8221;top_left&#8221; background_repeat=&#8221;repeat&#8221; width=&#8221;77%&#8221; custom_padding=&#8221;2px|||1px||&#8221; global_colors_info=&#8221;{}&#8221;][et_pb_column type=&#8221;4_4&#8243; _builder_version=&#8221;4.16&#8243; custom_padding=&#8221;|||&#8221; global_colors_info=&#8221;{}&#8221; custom_padding__hover=&#8221;|||&#8221;][et_pb_text _builder_version=&#8221;4.27.4&#8243; header_line_height=&#8221;1.1em&#8221; header_4_font_size=&#8221;25px&#8221; text_orientation=&#8221;center&#8221; inline_fonts=&#8221;ABeeZee&#8221; global_colors_info=&#8221;{}&#8221;]<\/p>\n<div class=\"page\" title=\"Page 6\">\n<div class=\"section\">\n<div class=\"layoutArea\">\n<div class=\"column\">\n<h1 style=\"text-align: justify;\"><span style=\"font-size: x-large; font-family: inherit; font-weight: normal;\">Tre concerti preceduti da una conversazione tra il pubblico e i musicisti, per riconnetterci col pensiero beethoveniano, ritrovando la sua straordinaria attualit\u00e0, forza, e capacit\u00e0 di parlare al nostro mondo contemporaneo<\/span><\/h1>\n<\/div>\n<\/div>\n<\/div>\n<\/div>\n<p>[\/et_pb_text][et_pb_text _builder_version=&#8221;4.27.4&#8243; custom_padding=&#8221;||0px|||&#8221; global_colors_info=&#8221;{}&#8221;]<\/p>\n<p style=\"text-align: right;\"><em>Un interprete non deve limitarsi ad eseguire delle note:<br \/><\/em><em>deve ricreare le ragioni profonde per cui quelle note sono state scritte (e trasmetterle a chi ascolta)<br \/><\/em>Krystian Zimerman<\/p>\n<p>&nbsp;<\/p>\n<p style=\"text-align: justify;\">Ci\u00f2 che Beethoven ci ha lasciato \u00e8 pi\u00f9 che musica: \u00e8 una visione del mondo, affidata agli uomini perch\u00e9, ascoltandola profondamente, facendola propria, &#8220;risuonando&#8221; con essa, potessero immaginare e costruire un futuro di progresso, superamento del dolore, fraternit\u00e0, pienezza di vita e gioia.<\/p>\n<p style=\"text-align: justify;\">A duecento anni dalla sua morte, tornare ad ascoltare la sua musica lasciando che il suo spirito ci accompagni \u00e8 un&#8217;occasione preziosa per domandarci quanto di questo lascito sia ancora vivo in noi &#8211; e quanto, invece, abbiamo smarrito, giocandoci cos\u00ec la qualit\u00e0 del nostro futuro.<\/p>\n<p style=\"text-align: justify;\">In ciascuna serata, l&#8217;ascolto sar\u00e0 preceduto dal richiamo ad uno dei punti focali del pensiero beethoveniano e del suo appello agli uomini, invitando il pubblico a interrogarsi su quanto essi siano ancora presenti nel nostro vivere contemporaneo.<\/p>\n<p>[\/et_pb_text][et_pb_divider color=&#8221;#3d5389&#8243; divider_weight=&#8221;2px&#8221; _builder_version=&#8221;4.27.4&#8243; min_height=&#8221;22.8px&#8221; custom_margin=&#8221;||29px|||&#8221; global_colors_info=&#8221;{}&#8221;][\/et_pb_divider][et_pb_text _builder_version=&#8221;4.27.4&#8243; custom_padding=&#8221;2px||0px|||&#8221; global_colors_info=&#8221;{}&#8221;]<\/p>\n<h4 style=\"text-align: justify;\"><span style=\"color: #3d5389;\">Primo sguardo: <strong>L&#8217;Empatia<\/strong><\/span><\/h4>\n<p><span style=\"color: #3d5389;\"><strong><\/strong><\/span><\/p>\n<p style=\"text-align: justify;\">Ogni nota scritta da Beethoven \u00e8 una vera e propria &#8220;chiamata a raccolta&#8221; rivolta al genere umano, per condividere e superare &#8220;coralmente&#8221; la crudelt\u00e0 del destino e le sofferenze che comporta.<br \/>Nel tempo contemporaneo in cui l\u2019empatia \u00e8 sospettata di debolezza o sacrificata sull\u2019altare dell\u2019efficienza, tornare ad ascoltare Beethoven significa misurarsi con una concezione dell\u2019umano ben pi\u00f9 radicale: quella che non elude il conflitto, ma lo assume come terreno di responsabilit\u00e0 comune.<br \/>\u00c8 l\u2019occasione di una riflessione su quanto, ai progressi della tecnologia, siano corrisposti altrettanti progressi o piuttosto passi indietro, nel nostro pensiero etico, che dovrebbe essere finalizzato a vivere in pace, custodendo il pianeta Terra per le generazioni che verranno.<\/p>\n<p>[\/et_pb_text][et_pb_divider color=&#8221;#3d5389&#8243; divider_weight=&#8221;2px&#8221; _builder_version=&#8221;4.27.4&#8243; min_height=&#8221;22.8px&#8221; custom_margin=&#8221;||29px|||&#8221; global_colors_info=&#8221;{}&#8221;][\/et_pb_divider][et_pb_text _builder_version=&#8221;4.27.4&#8243; custom_padding=&#8221;||0px|||&#8221; global_colors_info=&#8221;{}&#8221;]<\/p>\n<h4 style=\"text-align: justify;\"><span style=\"font-size: large;\"><span style=\"color: #3d5389;\">Secondo sguardo:<strong> La Fiducia nell\u2019uomo, e nella sua possibilit\u00e0 di costruire il mondo futuro cos\u00ec come lo <\/strong><\/span><strong style=\"color: #3d5389;\">vogliamo veramente. La vertigine della possibilit\u00e0.<\/strong><\/span><\/h4>\n<p><span style=\"color: #3d5389;\"><strong><\/strong><\/span><\/p>\n<p style=\"text-align: justify;\">Beethoven credeva profondamente nella capacit\u00e0 dell\u2019uomo di trasformare il mondo attraverso la propria volont\u00e0. Non come astratta speranza, ma come possibilit\u00e0 concreta, che chiama ciascun individuo a misurarsi con la propria libert\u00e0 e responsabilit\u00e0.<br \/>Questa fiducia non si \u00e8 espressa soltanto nella sua musica, ma ha inciso in modo irreversibile sull\u2019idea stessa di artista nella societ\u00e0: non pi\u00f9 servitore o intrattenitore, ma creatore libero, capace di offrire alla comunit\u00e0 una visione, un orientamento, una possibilit\u00e0 di futuro.<br \/>La rivoluzione beethoveniana non riguarda solo l\u2019estetica, ma l\u2019umano: afferma che l\u2019uomo, se messo nelle condizioni di essere libero, pu\u00f2 generare opere che non celebrano il potere, ma parlano all\u2019umanit\u00e0 intera.<br \/>Oggi, in un tempo in cui la fiducia nella possibilit\u00e0 di incidere sul futuro appare spesso indebolita \u2014 soprattutto tra le giovani generazioni \u2014 tornare ad ascoltare Beethoven significa riavvicinarsi a quella vertigine: la consapevolezza che il mondo non \u00e8 dato una volta per tutte, ma pu\u00f2 ancora essere immaginato e trasformato.<\/p>\n<p>[\/et_pb_text][et_pb_divider color=&#8221;#3d5389&#8243; divider_weight=&#8221;2px&#8221; _builder_version=&#8221;4.27.4&#8243; min_height=&#8221;22.8px&#8221; custom_margin=&#8221;||29px|||&#8221; global_colors_info=&#8221;{}&#8221;][\/et_pb_divider][et_pb_text _builder_version=&#8221;4.27.4&#8243; custom_padding=&#8221;||0px|||&#8221; global_colors_info=&#8221;{}&#8221;]<\/p>\n<h4 style=\"text-align: justify;\"><span style=\"color: #3d5389;\">Terzo sguardo: <strong>La Gioia<\/strong><\/span><\/h4>\n<p><span style=\"color: #3d5389;\"><strong><\/strong><\/span><\/p>\n<p style=\"text-align: justify;\">S\u00ec, la Gioia intesa in senso schilleriano, che \u00e8 un invito radicale ad aprirsi alla vita, a riconoscere negli altri fratelli e sorelle, e a trasformare il dolore e la durezza del destino in energia condivisa.<br \/>La Gioia schilleriana \u00e8 libera, potente, esigente: non \u00e8 divertimento superficiale, ma\u00a0piena consapevolezza di s\u00e9 nel cuore del mondo e negli altri. \u00c8 la forza che permette di unirsi agli altri senza subordinarsi, di gioire senza delegare la propria libert\u00e0, di costruire legami autentici, non illusori.<br \/>Oggi, invece, alle giovani generazioni viene \u201cvenduta\u201d come \u201csballo\u201d cio\u00e8 consumo e anestesia dei sensi \u2014 una forma di divertimento che distrae dall\u2019essere pienamente uomini. Tornare ad ascoltare Beethoven significa confrontarsi con la sua radicale idea di felicit\u00e0: una Gioia che\u00a0edifica, illumina e responsabilizza, che fa percepire che vivere insieme, nel rispetto e nella fratellanza, \u00e8 possibile ancora oggi.<\/p>\n<p>[\/et_pb_text][et_pb_divider color=&#8221;#3d5389&#8243; divider_weight=&#8221;2px&#8221; _builder_version=&#8221;4.27.4&#8243; min_height=&#8221;22.8px&#8221; custom_margin=&#8221;||29px|||&#8221; global_colors_info=&#8221;{}&#8221;][\/et_pb_divider][et_pb_text _builder_version=&#8221;4.27.4&#8243; global_colors_info=&#8221;{}&#8221;]<\/p>\n<h4><strong>Tre programmi per pianoforte e Quartetto d&#8217;archi:<\/strong><\/h4>\n<p><strong>Programma A<\/strong><br \/>Beethoven, <em>Sonata per pianoforte e violoncello n. 4 in do maggiore, Op. 102, n. 1<\/em><br data-start=\"107\" data-end=\"110\" \/>Beethoven, <em>Trio per archi e pianoforte n. 6 in mi bemolle maggiore, Op. 70, n. 2<\/em><br data-start=\"183\" data-end=\"186\" \/>Beethoven, <em>Quartetto per archi n. 13, Op. 130 in si bemolle maggiore<\/em><\/p>\n<p data-start=\"33\" data-end=\"247\"><strong>Programma B<\/strong><br \/>Beethoven, <em>Sonata per pianoforte e violino n. 10 in sol maggiore, Op. 96<\/em><br data-start=\"314\" data-end=\"317\" \/>Beethoven, <em>Trio per archi e pianoforte n. 7 in si bemolle maggiore, Op. 97 &#8220;Dell&#8217; Arciduca&#8221;<\/em><br data-start=\"395\" data-end=\"398\" \/>Beethoven,<em> Quartetto per archi n. 15, Op. 132 in la minore<\/em><\/p>\n<p data-start=\"451\" data-end=\"653\"><strong>Programma C<\/strong><br \/>Beethoven, <em>Sonata per pianoforte e violoncello n. 5 in re maggiore, Op. 102, n. 2<\/em><br data-start=\"525\" data-end=\"528\" \/>Beethoven, <em>Grande Fuga in si bemolle maggiore, Op. 133 per Quartetto d&#8217;archi<\/em><br data-start=\"597\" data-end=\"600\" \/>Beethoven, <em>Quartetto per archi n. 16, Op. 135 in fa maggiore<\/em><\/p>\n<p style=\"text-align: left;\">[\/et_pb_text][\/et_pb_column][\/et_pb_row][et_pb_row column_structure=&#8221;1_2,1_2&#8243; _builder_version=&#8221;4.16&#8243; global_colors_info=&#8221;{}&#8221;][et_pb_column type=&#8221;1_2&#8243; _builder_version=&#8221;4.16&#8243; global_colors_info=&#8221;{}&#8221;][et_pb_image src=&#8221;https:\/\/apmanagement.eu\/it\/wp-content\/uploads\/2026\/03\/MG_5083-scaled.jpg&#8221; title_text=&#8221;_MG_5083&#8243; align=&#8221;center&#8221; _builder_version=&#8221;4.27.4&#8243; width=&#8221;86.4%&#8221; custom_padding=&#8221;|0px||||&#8221; global_colors_info=&#8221;{}&#8221;][\/et_pb_image][\/et_pb_column][et_pb_column type=&#8221;1_2&#8243; _builder_version=&#8221;4.16&#8243; global_colors_info=&#8221;{}&#8221;][et_pb_image src=&#8221;https:\/\/apmanagement.eu\/it\/wp-content\/uploads\/2026\/03\/Outsideinstruments-scaled.jpg&#8221; title_text=&#8221;Outsideinstruments&#8221; align=&#8221;center&#8221; _builder_version=&#8221;4.27.4&#8243; width=&#8221;82.2%&#8221; global_colors_info=&#8221;{}&#8221;][\/et_pb_image][\/et_pb_column][\/et_pb_row][et_pb_row column_structure=&#8221;1_2,1_2&#8243; _builder_version=&#8221;4.16&#8243; global_colors_info=&#8221;{}&#8221;][et_pb_column type=&#8221;1_2&#8243; _builder_version=&#8221;4.16&#8243; global_colors_info=&#8221;{}&#8221;][et_pb_button button_url=&#8221;http:\/\/www.filippofaes.com&#8221; button_text=&#8221;SCOPRI DI PI\u00d9 SU FILIPPO&#8221; button_alignment=&#8221;center&#8221; _builder_version=&#8221;4.27.4&#8243; global_colors_info=&#8221;{}&#8221;][\/et_pb_button][\/et_pb_column][et_pb_column type=&#8221;1_2&#8243; _builder_version=&#8221;4.16&#8243; global_colors_info=&#8221;{}&#8221;][et_pb_button button_url=&#8221;https:\/\/www.prazakquartet.com\/&#8221; button_text=&#8221;SCOPRI DI PI\u00d9 SUL QUARTETTO PRA\u017d\u00c1K&#8221; button_alignment=&#8221;center&#8221; _builder_version=&#8221;4.27.4&#8243; hover_enabled=&#8221;0&#8243; global_colors_info=&#8221;{}&#8221; sticky_enabled=&#8221;0&#8243;][\/et_pb_button][\/et_pb_column][\/et_pb_row][\/et_pb_section]<\/p>\n","protected":false},"excerpt":{"rendered":"<p>Tre sguardi di Beethoven sul nostro futuro Filippo Faes e il Quartetto Pra\u017e\u00e1k Tre concerti preceduti da una conversazione tra il pubblico e i musicisti, per riconnetterci col pensiero beethoveniano, ritrovando la sua straordinaria attualit\u00e0, forza, e capacit\u00e0 di parlare al nostro mondo contemporaneo Un interprete non deve limitarsi ad eseguire delle note:deve ricreare le [&hellip;]<\/p>\n","protected":false},"author":2,"featured_media":0,"parent":32,"menu_order":0,"comment_status":"closed","ping_status":"closed","template":"","meta":{"_et_pb_use_builder":"on","_et_pb_old_content":"","_et_gb_content_width":"","footnotes":""},"class_list":["post-7546","page","type-page","status-publish","hentry"],"_links":{"self":[{"href":"https:\/\/apmanagement.eu\/it\/wp-json\/wp\/v2\/pages\/7546","targetHints":{"allow":["GET"]}}],"collection":[{"href":"https:\/\/apmanagement.eu\/it\/wp-json\/wp\/v2\/pages"}],"about":[{"href":"https:\/\/apmanagement.eu\/it\/wp-json\/wp\/v2\/types\/page"}],"author":[{"embeddable":true,"href":"https:\/\/apmanagement.eu\/it\/wp-json\/wp\/v2\/users\/2"}],"replies":[{"embeddable":true,"href":"https:\/\/apmanagement.eu\/it\/wp-json\/wp\/v2\/comments?post=7546"}],"version-history":[{"count":97,"href":"https:\/\/apmanagement.eu\/it\/wp-json\/wp\/v2\/pages\/7546\/revisions"}],"predecessor-version":[{"id":7740,"href":"https:\/\/apmanagement.eu\/it\/wp-json\/wp\/v2\/pages\/7546\/revisions\/7740"}],"up":[{"embeddable":true,"href":"https:\/\/apmanagement.eu\/it\/wp-json\/wp\/v2\/pages\/32"}],"wp:attachment":[{"href":"https:\/\/apmanagement.eu\/it\/wp-json\/wp\/v2\/media?parent=7546"}],"curies":[{"name":"wp","href":"https:\/\/api.w.org\/{rel}","templated":true}]}}